{"id":3656,"date":"2024-09-06T09:12:04","date_gmt":"2024-09-06T09:12:04","guid":{"rendered":"https:\/\/turismoselvadeirati.com\/ekintzak\/kultur-ondarea\/galtzada-erromatarra\/"},"modified":"2026-02-27T10:54:42","modified_gmt":"2026-02-27T10:54:42","slug":"galtzada-erromatarra","status":"publish","type":"page","link":"https:\/\/turismoselvadeirati.com\/eu\/ekintzak\/kultur-ondarea\/galtzada-erromatarra\/","title":{"rendered":"Pirinioetako Galtzada Erromatarra: Antzinako Historia Nafarroan"},"content":{"rendered":"<div id=\"ez-toc-container\" class=\"ez-toc-v2_0_82_2 ez-toc-wrap-center counter-hierarchy ez-toc-counter ez-toc-grey ez-toc-container-direction\">\n<div class=\"ez-toc-title-container\">\n<p class=\"ez-toc-title ez-toc-toggle\" style=\"cursor:pointer\">Contenido de la p\u00e1gina<\/p>\n<span class=\"ez-toc-title-toggle\"><a href=\"#\" class=\"ez-toc-pull-right ez-toc-btn ez-toc-btn-xs ez-toc-btn-default ez-toc-toggle\" aria-label=\"Toggle Table of Content\"><span class=\"ez-toc-js-icon-con\"><span class=\"\"><span class=\"eztoc-hide\" style=\"display:none;\">Toggle<\/span><span class=\"ez-toc-icon-toggle-span\"><svg style=\"fill: #999;color:#999\" xmlns=\"http:\/\/www.w3.org\/2000\/svg\" class=\"list-377408\" width=\"20px\" height=\"20px\" viewBox=\"0 0 24 24\" fill=\"none\"><path d=\"M6 6H4v2h2V6zm14 0H8v2h12V6zM4 11h2v2H4v-2zm16 0H8v2h12v-2zM4 16h2v2H4v-2zm16 0H8v2h12v-2z\" fill=\"currentColor\"><\/path><\/svg><svg style=\"fill: #999;color:#999\" class=\"arrow-unsorted-368013\" xmlns=\"http:\/\/www.w3.org\/2000\/svg\" width=\"10px\" height=\"10px\" viewBox=\"0 0 24 24\" version=\"1.2\" baseProfile=\"tiny\"><path d=\"M18.2 9.3l-6.2-6.3-6.2 6.3c-.2.2-.3.4-.3.7s.1.5.3.7c.2.2.4.3.7.3h11c.3 0 .5-.1.7-.3.2-.2.3-.5.3-.7s-.1-.5-.3-.7zM5.8 14.7l6.2 6.3 6.2-6.3c.2-.2.3-.5.3-.7s-.1-.5-.3-.7c-.2-.2-.4-.3-.7-.3h-11c-.3 0-.5.1-.7.3-.2.2-.3.5-.3.7s.1.5.3.7z\"\/><\/svg><\/span><\/span><\/span><\/a><\/span><\/div>\n<nav><ul class='ez-toc-list ez-toc-list-level-1 eztoc-toggle-hide-by-default' ><li class='ez-toc-page-1 ez-toc-heading-level-2'><a class=\"ez-toc-link ez-toc-heading-1\" href=\"https:\/\/turismoselvadeirati.com\/eu\/ekintzak\/kultur-ondarea\/galtzada-erromatarra\/#INPERIOAREN_ONDAREA_NAFARROAN\" >INPERIOAREN ONDAREA NAFARROAN<\/a><\/li><li class='ez-toc-page-1 ez-toc-heading-level-2'><a class=\"ez-toc-link ez-toc-heading-2\" href=\"https:\/\/turismoselvadeirati.com\/eu\/ekintzak\/kultur-ondarea\/galtzada-erromatarra\/#IBILBIDEA\" >IBILBIDEA<\/a><ul class='ez-toc-list-level-3' ><li class='ez-toc-heading-level-3'><a class=\"ez-toc-link ez-toc-heading-3\" href=\"https:\/\/turismoselvadeirati.com\/eu\/ekintzak\/kultur-ondarea\/galtzada-erromatarra\/#PIRINIOETAKO_GALTZADA_ERROMATARRA\" >PIRINIOETAKO GALTZADA ERROMATARRA<\/a><\/li><\/ul><\/li><li class='ez-toc-page-1 ez-toc-heading-level-2'><a class=\"ez-toc-link ez-toc-heading-4\" href=\"https:\/\/turismoselvadeirati.com\/eu\/ekintzak\/kultur-ondarea\/galtzada-erromatarra\/#INFORMAZIO_PRAKTIKOA\" >INFORMAZIO PRAKTIKOA<\/a><\/li><li class='ez-toc-page-1 ez-toc-heading-level-2'><a class=\"ez-toc-link ez-toc-heading-5\" href=\"https:\/\/turismoselvadeirati.com\/eu\/ekintzak\/kultur-ondarea\/galtzada-erromatarra\/#PLANIFIKATU_ZURE_BIDAIA\" >PLANIFIKATU ZURE BIDAIA<\/a><\/li><li class='ez-toc-page-1 ez-toc-heading-level-2'><a class=\"ez-toc-link ez-toc-heading-6\" href=\"https:\/\/turismoselvadeirati.com\/eu\/ekintzak\/kultur-ondarea\/galtzada-erromatarra\/#EZ_AHAZTU%E2%80%A6\" >EZ AHAZTU&#8230;<\/a><\/li><li class='ez-toc-page-1 ez-toc-heading-level-2'><a class=\"ez-toc-link ez-toc-heading-7\" href=\"https:\/\/turismoselvadeirati.com\/eu\/ekintzak\/kultur-ondarea\/galtzada-erromatarra\/#GALDU_EZIN_DITUZUN_BESTE_LEKU_BATZUK\" >GALDU EZIN DITUZUN BESTE LEKU BATZUK<\/a><\/li><\/ul><\/nav><\/div>\n<section class=\"l-section wpb_row us_custom_f0dae6f0 height_custom\"><div class=\"l-section-h i-cf\"><div class=\"g-cols vc_row via_grid cols_1 laptops-cols_inherit tablets-cols_inherit mobiles-cols_1 valign_top type_default stacking_default\"><div class=\"wpb_column vc_column_container\"><div class=\"vc_column-inner\"><\/div><\/div><\/div><\/div><\/section><section class=\"l-section wpb_row us_custom_3b5e9c7e height_huge color_secondary with_img parallax_ver\"><div class=\"l-section-img\" role=\"img\" aria-label=\"Patrimonio cultural - Calzada romana\" data-img-width=\"1200\" data-img-height=\"600\" style=\"background-image: url(https:\/\/turismoselvadeirati.com\/wp-content\/uploads\/Calzada-romana-1200x600-1.avif);background-repeat: no-repeat;\"><\/div><div class=\"l-section-overlay\" style=\"background:linear-gradient(90deg,#000,rgba(0,0,0,0.00))\"><\/div><div class=\"l-section-h i-cf\"><div class=\"g-cols vc_row via_grid cols_1 laptops-cols_inherit tablets-cols_1 mobiles-cols_1 valign_top type_default reversed stacking_default\" style=\"--columns-gap:0rem;\"><div class=\"wpb_column vc_column_container us_custom_e5713a0c\"><div class=\"vc_column-inner\"><div class=\"wpb_text_column us_custom_9fd2acf9 has_text_color\"><div class=\"wpb_wrapper\"><p style=\"text-align: justify;\">Bide horrek <em>Caesaraugusta<\/em> (Zaragoza) eta <em>Burdigala<\/em> (Bordele) lotzen zituen bide erromatarraren zati bat zeharkatzen du. Bidea Zangotza\/Zangozatik zetorren, Irati ibaiaren ibilbideari jarraituz, gaur egun Ekai Longida\/Ecay L\u00f3nguida dagoen eremuraino. Han, Urrobiren arrora igarotzen zen, eta <a href=\"https:\/\/turismoselvadeirati.com\/eu\/haranak-eta-herriak\/\">Artzibar\/Valle de Arce<\/a> igoz <a href=\"https:\/\/turismoselvadeirati.com\/eu\/orreaga\/\">Orreagaraino<\/a> iristen zen. Iba\u00f1etako lepoa zeharkatu ondoren, Luzaide\/Luzaidetik jaisten zen iparralderantz eta Donazaharre\/Saint-Jean-Le-Vieuxeraino iristen zen.  <\/p>\n<p>\n<\/div><\/div><\/div><\/div><\/div><\/div><\/section><section class=\"l-section wpb_row us_custom_07622f62 height_custom\"><div class=\"l-section-overlay\" style=\"background:linear-gradient(180deg,rgba(0,0,0,0.05),rgba(0,0,0,0.00))\"><\/div><div class=\"l-section-h i-cf\"><div class=\"g-cols vc_row via_grid cols_1-2 laptops-cols_inherit tablets-cols_inherit mobiles-cols_1 valign_top type_default stacking_default\" style=\"--columns-gap:4vw;\"><div class=\"wpb_column vc_column_container type_sticky\"><div class=\"vc_column-inner\"><div class=\"wpb_text_column\"><div class=\"wpb_wrapper\"><h2><span class=\"ez-toc-section\" id=\"INPERIOAREN_ONDAREA_NAFARROAN\"><\/span><strong>INPERIOAREN ONDAREA NAFARROAN<\/strong><span class=\"ez-toc-section-end\"><\/span><\/h2>\n<\/div><\/div><div class=\"w-separator size_medium\"><\/div><div class=\"w-slider style_none fit_cover nav_thumbs has_ratio count_3\" style=\"--thumbs-width:4rem;--thumbs-gap:4px;--aspect-ratio: 3\/4;\"><div class=\"w-slider-h\" aria-hidden=\"true\"><div class=\"royalSlider\"><div class=\"rsContent\"><a class=\"rsImg\" data-rsw=\"418\" data-rsh=\"600\" href=\"https:\/\/turismoselvadeirati.com\/wp-content\/uploads\/Calzada-romana-3.avif\"><span data-alt=\"\"><\/span><\/a><img decoding=\"async\" width=\"67\" height=\"96\" src=\"https:\/\/turismoselvadeirati.com\/wp-content\/uploads\/Calzada-romana-3.avif\" class=\"rsTmb\" alt=\"\" srcset=\"https:\/\/turismoselvadeirati.com\/wp-content\/uploads\/Calzada-romana-3.avif 418w, https:\/\/turismoselvadeirati.com\/wp-content\/uploads\/Calzada-romana-3-125x180.avif 125w\" sizes=\"(max-width: 768px) 100vw, (max-width: 1200px) 50vw, 33vw\" title=\"\"><\/div><div class=\"rsContent\"><a class=\"rsImg\" data-rsw=\"300\" data-rsh=\"300\" href=\"https:\/\/turismoselvadeirati.com\/wp-content\/uploads\/Calzada-romana-2-300x300-1.avif\"><span data-alt=\"\"><\/span><\/a><img decoding=\"async\" width=\"96\" height=\"96\" src=\"https:\/\/turismoselvadeirati.com\/wp-content\/uploads\/Calzada-romana-2-300x300-1.avif\" class=\"rsTmb\" alt=\"\" srcset=\"https:\/\/turismoselvadeirati.com\/wp-content\/uploads\/Calzada-romana-2-300x300-1.avif 300w, https:\/\/turismoselvadeirati.com\/wp-content\/uploads\/Calzada-romana-2-300x300-1-32x32.avif 32w, https:\/\/turismoselvadeirati.com\/wp-content\/uploads\/Calzada-romana-2-300x300-1-48x48.avif 48w, https:\/\/turismoselvadeirati.com\/wp-content\/uploads\/Calzada-romana-2-300x300-1-80x80.avif 80w, https:\/\/turismoselvadeirati.com\/wp-content\/uploads\/Calzada-romana-2-300x300-1-180x180.avif 180w\" sizes=\"(max-width: 768px) 100vw, (max-width: 1200px) 50vw, 33vw\" title=\"\"><\/div><div class=\"rsContent\"><a class=\"rsImg\" data-rsw=\"300\" data-rsh=\"300\" href=\"https:\/\/turismoselvadeirati.com\/wp-content\/uploads\/Calzada-romana-300x300-1.avif\"><span data-alt=\"\"><\/span><\/a><img decoding=\"async\" width=\"96\" height=\"96\" src=\"https:\/\/turismoselvadeirati.com\/wp-content\/uploads\/Calzada-romana-300x300-1.avif\" class=\"rsTmb\" alt=\"\" srcset=\"https:\/\/turismoselvadeirati.com\/wp-content\/uploads\/Calzada-romana-300x300-1.avif 300w, https:\/\/turismoselvadeirati.com\/wp-content\/uploads\/Calzada-romana-300x300-1-32x32.avif 32w, https:\/\/turismoselvadeirati.com\/wp-content\/uploads\/Calzada-romana-300x300-1-48x48.avif 48w, https:\/\/turismoselvadeirati.com\/wp-content\/uploads\/Calzada-romana-300x300-1-80x80.avif 80w, https:\/\/turismoselvadeirati.com\/wp-content\/uploads\/Calzada-romana-300x300-1-180x180.avif 180w\" sizes=\"(max-width: 768px) 100vw, (max-width: 1200px) 50vw, 33vw\" title=\"\"><\/div><\/div><img decoding=\"async\" src=\"https:\/\/turismoselvadeirati.com\/wp-content\/uploads\/Calzada-romana-3.avif\" width=\"418\" height=\"600\" loading=\"lazy\" alt=\"\" title=\"\"><\/div><div class=\"w-slider-json\" onclick='return {&quot;autoScaleSlider&quot;:false,&quot;addActiveClass&quot;:true,&quot;loop&quot;:true,&quot;fadeInLoadedSlide&quot;:false,&quot;slidesSpacing&quot;:0,&quot;imageScalePadding&quot;:0,&quot;numImagesToPreload&quot;:2,&quot;arrowsNav&quot;:true,&quot;arrowsNavAutoHide&quot;:false,&quot;transitionType&quot;:&quot;move&quot;,&quot;transitionSpeed&quot;:250,&quot;block&quot;:{&quot;moveEffect&quot;:&quot;none&quot;,&quot;speed&quot;:300},&quot;thumbs&quot;:{&quot;fitInViewport&quot;:false,&quot;firstMargin&quot;:false,&quot;spacing&quot;:4},&quot;controlNavigation&quot;:&quot;thumbnails&quot;}'><\/div><\/div><\/div><\/div><div class=\"wpb_column vc_column_container\"><div class=\"vc_column-inner\"><div class=\"w-separator size_large\"><\/div><div class=\"w-iconbox us_custom_39459875 iconpos_left style_outlined color_secondary align_none no_title\"><div class=\"w-iconbox-icon\" style=\"font-size:1.5rem;\"><i class=\"fas fa-landmark\"><\/i><\/div><div class=\"w-iconbox-meta\"><div class=\"w-iconbox-text\"><p style=\"text-align: justify;\">Galtzada K.a. I. mendean eraiki zen, 6 eta 8 metro bitarteko zabalerarekin eta % 6tik beherako desnibelekin. Armada, posta, merkantzia astunak zeramatzaten gurdiak&#8230; ibili ziren bertan, erromatar inperioa erori zen arte, eta, gero, bertan behera utzi zuten hondamena zela eta. Hala eta guztiz ere, ferra-bide gisa erabiltzen jarraitu zen, XIX. mendearen amaieran eta XX. mendearen hasieran errepide berriak agertu ziren arte. Bidezidorra, ahal den neurrian, galtzadaren jatorrizko trazadurara egokitzen da, baina batzuetan ezinezkoa da, hainbat arrazoi direla medio: irristatzeak, lurraren higadura, jabetza pribatuak, etab.<\/p>\n<\/p>\n<p style=\"text-align: justify;\">Ibilbidean <strong>6 miliario<\/strong> aurkitu dituztela baieztatu dute. Milia bakoitzaren ertzean (<em>milia passum<\/em>) jartzen ziren harrizko mugarriak ziren, gaur egungo 1.481 metroren baliokideak, eta horietan hurrengo <em>mantsio<\/em> edo <em>zikitara<\/em> arteko distantzia edo eraikitzen edo konpontzeko agintzen zuen enperadoreari buruzko informazioa grabatzen edo margotzen zuten. Galtzadan zehar dauden miliarioetako batzuk ikusgai daude: hiru <a href=\"http:\/\/www.erro.es\/turismo\/monumentos\/\" target=\"_blank\" rel=\"noopener\">Aurizberri\/Espinal kontzeju-etxean <\/a>(Erroibar\/Valle de Erro) eta bat <a href=\"https:\/\/luzaide-valcarlos.net\/es\/centro-expositivo\/que-es-el-centro-valcarlos\/\" target=\"_blank\" rel=\"noopener\">Luzaideko erakusketa-zentroan<\/a>. Bi guneetarako sarrera doakoa da.<\/p>\n<\/div><\/div><\/div><div class=\"w-separator size_small\"><\/div><\/div><\/div><\/div><\/div><\/section><section class=\"l-section wpb_row us_custom_2b78ca3c height_custom\"><div class=\"l-section-h i-cf\"><div class=\"g-cols vc_row via_grid cols_1 laptops-cols_inherit tablets-cols_inherit mobiles-cols_1 valign_top type_default stacking_default\"><div class=\"wpb_column vc_column_container\"><div class=\"vc_column-inner\"><div class=\"wpb_text_column us_custom_f4397b66\"><div class=\"wpb_wrapper\"><p><span>Argazkiak: O.Mendizabal, S.Matelo eta R.Zubiria<\/span><\/p>\n<\/div><\/div><\/div><\/div><\/div><\/div><\/section><section class=\"l-section wpb_row us_custom_de67d1db height_custom\"><div class=\"l-section-overlay\" style=\"background:linear-gradient(180deg,rgba(0,0,0,0.05),rgba(0,0,0,0.00))\"><\/div><div class=\"l-section-h i-cf\"><div class=\"g-cols vc_row via_grid cols_1-2 laptops-cols_inherit tablets-cols_inherit mobiles-cols_1 valign_top type_default stacking_default\" style=\"--columns-gap:4vw;\"><div class=\"wpb_column vc_column_container type_sticky\"><div class=\"vc_column-inner\"><div class=\"wpb_text_column\"><div class=\"wpb_wrapper\"><h2><span class=\"ez-toc-section\" id=\"IBILBIDEA\"><\/span><span>IBILBIDEA<\/span><span class=\"ez-toc-section-end\"><\/span><\/h2>\n<\/div><\/div><div class=\"w-separator size_medium\"><\/div><div class=\"w-slider style_none fit_cover nav_thumbs has_ratio count_3\" style=\"--thumbs-width:4rem;--thumbs-gap:4px;--aspect-ratio: 3\/4;\"><div class=\"w-slider-h\" aria-hidden=\"true\"><div class=\"royalSlider\"><div class=\"rsContent\"><a class=\"rsImg\" data-rsw=\"634\" data-rsh=\"845\" href=\"https:\/\/turismoselvadeirati.com\/wp-content\/uploads\/calzada-romana-del-pirineo-600x800-1.avif\"><span data-alt=\"Patrimonio cultural - Calzada romana\"><\/span><\/a><img decoding=\"async\" width=\"72\" height=\"96\" src=\"https:\/\/turismoselvadeirati.com\/wp-content\/uploads\/calzada-romana-del-pirineo-600x800-1.avif\" class=\"rsTmb\" alt=\"Patrimonio cultural - Calzada romana\" srcset=\"https:\/\/turismoselvadeirati.com\/wp-content\/uploads\/calzada-romana-del-pirineo-600x800-1.avif 634w, https:\/\/turismoselvadeirati.com\/wp-content\/uploads\/calzada-romana-del-pirineo-600x800-1-135x180.avif 135w\" sizes=\"(max-width: 768px) 100vw, (max-width: 1200px) 50vw, 33vw\" title=\"\"><\/div><div class=\"rsContent\"><a class=\"rsImg\" data-rsw=\"634\" data-rsh=\"845\" href=\"https:\/\/turismoselvadeirati.com\/wp-content\/uploads\/calzada-romana-del-pirineo-2-600x800-1.avif\"><span data-alt=\"Patrimonio cultural - Calzada romana\"><\/span><\/a><img decoding=\"async\" width=\"72\" height=\"96\" src=\"https:\/\/turismoselvadeirati.com\/wp-content\/uploads\/calzada-romana-del-pirineo-2-600x800-1.avif\" class=\"rsTmb\" alt=\"Patrimonio cultural - Calzada romana\" srcset=\"https:\/\/turismoselvadeirati.com\/wp-content\/uploads\/calzada-romana-del-pirineo-2-600x800-1.avif 634w, https:\/\/turismoselvadeirati.com\/wp-content\/uploads\/calzada-romana-del-pirineo-2-600x800-1-135x180.avif 135w\" sizes=\"(max-width: 768px) 100vw, (max-width: 1200px) 50vw, 33vw\" title=\"\"><\/div><div class=\"rsContent\"><a class=\"rsImg\" data-rsw=\"634\" data-rsh=\"845\" href=\"https:\/\/turismoselvadeirati.com\/wp-content\/uploads\/calzada-romana-del-pirineo-3-600x800-1.avif\"><span data-alt=\"Patrimonio cultural - Calzada romana\"><\/span><\/a><img decoding=\"async\" width=\"72\" height=\"96\" src=\"https:\/\/turismoselvadeirati.com\/wp-content\/uploads\/calzada-romana-del-pirineo-3-600x800-1.avif\" class=\"rsTmb\" alt=\"Patrimonio cultural - Calzada romana\" srcset=\"https:\/\/turismoselvadeirati.com\/wp-content\/uploads\/calzada-romana-del-pirineo-3-600x800-1.avif 634w, https:\/\/turismoselvadeirati.com\/wp-content\/uploads\/calzada-romana-del-pirineo-3-600x800-1-135x180.avif 135w\" sizes=\"(max-width: 768px) 100vw, (max-width: 1200px) 50vw, 33vw\" title=\"\"><\/div><\/div><img decoding=\"async\" src=\"https:\/\/turismoselvadeirati.com\/wp-content\/uploads\/calzada-romana-del-pirineo-600x800-1.avif\" width=\"634\" height=\"845\" alt=\"Patrimonio cultural - Calzada romana\" loading=\"lazy\" title=\"\"><\/div><div class=\"w-slider-json\" onclick='return {&quot;autoScaleSlider&quot;:false,&quot;addActiveClass&quot;:true,&quot;loop&quot;:true,&quot;fadeInLoadedSlide&quot;:false,&quot;slidesSpacing&quot;:0,&quot;imageScalePadding&quot;:0,&quot;numImagesToPreload&quot;:2,&quot;arrowsNav&quot;:true,&quot;arrowsNavAutoHide&quot;:false,&quot;transitionType&quot;:&quot;move&quot;,&quot;transitionSpeed&quot;:250,&quot;block&quot;:{&quot;moveEffect&quot;:&quot;none&quot;,&quot;speed&quot;:300},&quot;thumbs&quot;:{&quot;fitInViewport&quot;:false,&quot;firstMargin&quot;:false,&quot;spacing&quot;:4},&quot;controlNavigation&quot;:&quot;thumbnails&quot;}'><\/div><\/div><\/div><\/div><div class=\"wpb_column vc_column_container\"><div class=\"vc_column-inner\"><div class=\"w-iconbox iconpos_left style_outlined color_secondary align_none\"><div class=\"w-iconbox-icon\" style=\"font-size:1.5rem;\"><i class=\"fas fa-route\"><\/i><\/div><div class=\"w-iconbox-meta\"><h3 class=\"w-iconbox-title\"><span class=\"ez-toc-section\" id=\"PIRINIOETAKO_GALTZADA_ERROMATARRA\"><\/span>PIRINIOETAKO GALTZADA ERROMATARRA<span class=\"ez-toc-section-end\"><\/span><\/h3><div class=\"w-iconbox-text\"><p style=\"text-align: justify;\">Bidexka honek Urrobi ibaiaren arrotik igarotzen den bide erromatarraren zati bat zeharkatzen du, Artzibarretik Orreagaraino igoz. Bailara Gurpegi eta Urrobi ibaien arroetatik zeharkatzen du. Artzibar osatzen duten herri txiki batzuetatik igarotzen da. Artziko erromatar garaiko aztarnategia, garaiak eta eliza erromanikoak ikusiko dituzu.<\/p>\n<\/p>\n<p style=\"text-align: justify;\">Discurre por parte de peque\u00f1os pueblos que forman el Valle de Arce. Ver\u00e1s el yacimiento de \u00e9poca romana de Arce, h\u00f3rreos, iglesias rom\u00e1nicas.<\/p>\n<\/p>\n<p style=\"text-align: justify;\">El sendero, se\u00f1alizado con marcas de color morado y blanco, recorre Artzibar\/Valle de Arce de norte a sur, el camino no tiene fuertes pendientes por lo que es propicio para practicar senderismo en familia o con amigos.<\/p>\n<\/p>\n<p style=\"text-align: justify;\">Asimismo, el itinerario cruza por algunos pueblos pintorescos del valle como es el caso de Nagore, Uriz, Urdirotz, Sarag\u00fceta o Lusarreta.<\/p>\n<\/p>\n<p style=\"text-align: justify;\">Igualmente, cruza a pocos metros del yacimiento arqueol\u00f3gico de\u00a0<a href=\"https:\/\/lacalzadadelpirineo.wordpress.com\/artzi\/\" target=\"_blank\" rel=\"noopener\">Artzi\/Arce<\/a>, situado en el se\u00f1or\u00edo del mismo nombre donde se puede visitar junto a la iglesia rom\u00e1nica de Santa Mar\u00eda o el palacio (en sus proximidades se ha habilitado una zona recreativa de ba\u00f1o).<\/p>\n<\/div><\/div><\/div><div class=\"w-separator size_custom\" style=\"height:1rem\"><\/div><div class=\"g-cols wpb_row via_grid cols_2 laptops-cols_inherit tablets-cols_inherit mobiles-cols_1 valign_top type_default stacking_default\" style=\"--columns-gap:1.3rem;\"><div class=\"wpb_column vc_column_container\"><div class=\"vc_column-inner\"><div class=\"w-btn-wrapper align_right\"><a class=\"w-btn us-btn-style_1\" target=\"_blank\" href=\"https:\/\/www.calzadaromanadelpirineo.eus\/\" rel=\"noopener\"><span class=\"w-btn-label\">INFORMAZIO GEHIAGO<\/span><\/a><\/div><\/div><\/div><div class=\"wpb_column vc_column_container\"><div class=\"vc_column-inner\"><div class=\"w-btn-wrapper align_left\"><a class=\"w-btn us-btn-style_1\" target=\"_blank\" href=\"https:\/\/es.wikiloc.com\/rutas-senderismo\/calzada-romana-de-arce-2017-completo-21667068\" rel=\"noopener\"><span class=\"w-btn-label\">IKUSI IBILBIDE OSOA<\/span><\/a><\/div><\/div><\/div><\/div><\/div><\/div><\/div><\/div><\/section><section class=\"l-section wpb_row us_custom_c4fcaf8a height_custom\"><div class=\"l-section-h i-cf\"><div class=\"g-cols vc_row via_grid cols_3 laptops-cols_inherit tablets-cols_1 mobiles-cols_1 valign_top type_default stacking_default\" style=\"--columns-gap:2rem;\"><div class=\"wpb_column vc_column_container us_custom_7e7698fb has_bg_color\"><div class=\"vc_column-inner\"><h2 class=\"w-text us_custom_32307752 has_text_color\"><span class=\"ez-toc-section\" id=\"INFORMAZIO_PRAKTIKOA\"><\/span><span class=\"w-text-h\"><span class=\"w-text-value\">INFORMAZIO PRAKTIKOA<\/span><\/span><span class=\"ez-toc-section-end\"><\/span><\/h2><div class=\"w-separator size_small\"><\/div><div class=\"wpb_text_column\"><div class=\"wpb_wrapper\"><ul>\n<li><a href=\"http:\/\/www.erro.es\/\" target=\"_blank\" rel=\"noopener\">ERROKO UDALA <\/a><\/li>\n<li><a href=\"https:\/\/www.valledearce.com\/es\/\" target=\"_blank\" rel=\"noopener\">ARTZEKO UDALA <\/a><\/li>\n<li><a href=\"https:\/\/www.calzadaromanadelpirineo.eus\/\" target=\"_blank\" rel=\"noopener\">Pirinioko erromatarraren web orria<\/a><\/li>\n<li><a href=\"https:\/\/www.es.zaldua.pyrena.eus\/calzada\" target=\"_blank\" rel=\"noopener\">Zaldua eta erromatar galtzadaren web orria<\/a><\/li>\n<\/ul>\n<\/div><\/div><\/div><\/div><div class=\"wpb_column vc_column_container us_custom_8e7c68ed has_bg_color\"><div class=\"vc_column-inner\"><h2 class=\"w-text us_custom_32307752 has_text_color\"><span class=\"ez-toc-section\" id=\"PLANIFIKATU_ZURE_BIDAIA\"><\/span><span class=\"w-text-h\"><span class=\"w-text-value\">PLANIFIKATU ZURE BIDAIA<\/span><\/span><span class=\"ez-toc-section-end\"><\/span><\/h2><div class=\"wpb_text_column\"><div class=\"wpb_wrapper\"><p style=\"text-align: justify;\"><span>Antolatu zure bidaia eta aurkitu beharrezko zerbitzu guztiak zure egonaldia ahaztezina izan dadin.<\/span><\/p>\n<\/div><\/div><div class=\"w-separator size_medium\"><\/div><div class=\"w-btn-wrapper align_right\"><a class=\"w-btn us-btn-style_1\" href=\"https:\/\/turismoselvadeirati.com\/eu\/planifikatu-zure-bidaia-irati-orreaga\/\"><span class=\"w-btn-label\">PLANIFIKATU ZURE BIDAIA<\/span><\/a><\/div><\/div><\/div><div class=\"wpb_column vc_column_container us_custom_9915d313 has_bg_color\"><div class=\"vc_column-inner\"><h2 class=\"w-text us_custom_32307752 has_text_color\"><span class=\"ez-toc-section\" id=\"EZ_AHAZTU%E2%80%A6\"><\/span><span class=\"w-text-h\"><span class=\"w-text-value\">EZ AHAZTU&#8230;<\/span><\/span><span class=\"ez-toc-section-end\"><\/span><\/h2><div class=\"wpb_text_column\"><div class=\"wpb_wrapper\"><ul>\n<li>Flora eta fauna errespetatzeaz<\/li>\n<li>Ez bota zaborrik eta ez utzi hondakinik<\/li>\n<li>Bideak eta bidexkak errespetatu<\/li>\n<li>Tokiko araudiak eta seinaleak bete<\/li>\n<\/ul>\n<p>\n<\/div><\/div><\/div><\/div><\/div><\/div><\/section><section class=\"l-section wpb_row height_custom\"><div class=\"l-section-h i-cf\"><div class=\"g-cols vc_row via_grid cols_5-1 laptops-cols_inherit tablets-cols_inherit mobiles-cols_1 valign_top type_default stacking_default\"><div class=\"wpb_column vc_column_container us_custom_859a57ac\"><div class=\"vc_column-inner\"><h2 class=\"w-text us_custom_d2565bc7\"><span class=\"ez-toc-section\" id=\"GALDU_EZIN_DITUZUN_BESTE_LEKU_BATZUK\"><\/span><span class=\"w-text-h\"><span class=\"w-text-value\">GALDU EZIN DITUZUN BESTE LEKU BATZUK<\/span><\/span><span class=\"ez-toc-section-end\"><\/span><\/h2><nav class=\"w-menu us_custom_1c0a4eaa hide_on_default hide_on_laptops layout_ver style_blocks us_menu_1\" style=\"--main-gap:1.6rem;--main-ver-indent:0.5em;--main-hor-indent:0.6em;--main-bg-color:rgba(0,0,0,0.1);--main-color:inherit;--main-active-color:var(--color-main);\"><ul id=\"menu-menu-espacios-culturales-basque\" class=\"menu\"><li id=\"menu-item-3797\" class=\"menu-item menu-item-type-post_type menu-item-object-page menu-item-3797\"><a href=\"https:\/\/turismoselvadeirati.com\/eu\/orreaga\/\">Orreaga<\/a><\/li><li id=\"menu-item-3798\" class=\"menu-item menu-item-type-post_type menu-item-object-page menu-item-3798\"><a href=\"https:\/\/turismoselvadeirati.com\/eu\/ekintzak\/kultur-ondarea\/orbaizetako-arma-fabrika\/\">Orbaizetako Arma Fabrika<\/a><\/li><li id=\"menu-item-3799\" class=\"menu-item menu-item-type-post_type menu-item-object-page menu-item-3799\"><a href=\"https:\/\/turismoselvadeirati.com\/eu\/ekintzak\/kultur-ondarea\/hilarrien-museoa\/\">Hilarrien Museoa Abaurregainan<\/a><\/li><li id=\"menu-item-3800\" class=\"menu-item menu-item-type-post_type menu-item-object-page menu-item-3800\"><a href=\"https:\/\/turismoselvadeirati.com\/eu\/ekintzak\/kultur-ondarea\/aztarnategi-erromatarrak\/\">Nafarroako Aztarnategi Erromatarrak<\/a><\/li><li id=\"menu-item-3801\" class=\"menu-item menu-item-type-post_type menu-item-object-page menu-item-3801\"><a href=\"https:\/\/turismoselvadeirati.com\/eu\/ekintzak\/kultur-ondarea\/galtzada-erromatarra\/\">Pirinioetako Galtzada Erromatarra<\/a><\/li><li id=\"menu-item-3802\" class=\"menu-item menu-item-type-post_type menu-item-object-page menu-item-3802\"><a href=\"https:\/\/turismoselvadeirati.com\/eu\/ekintzak\/kultur-ondarea\/artziko-santa-maria\/\">Artziko Santa Maria<\/a><\/li><li id=\"menu-item-3803\" class=\"menu-item menu-item-type-post_type menu-item-object-page menu-item-3803\"><a href=\"https:\/\/turismoselvadeirati.com\/eu\/ekintzak\/kultur-ondarea\/garaien-ibilbidea-nafarroan\/\">Garaien Ibilbidea Nafarroan<\/a><\/li><li id=\"menu-item-3804\" class=\"menu-item menu-item-type-post_type menu-item-object-page menu-item-3804\"><a href=\"https:\/\/turismoselvadeirati.com\/eu\/ekintzak\/kultur-ondarea\/megalitoak\/\">Megalitoak Nafarroan<\/a><\/li><li id=\"menu-item-5328\" class=\"menu-item menu-item-type-post_type menu-item-object-page menu-item-5328\"><a href=\"https:\/\/turismoselvadeirati.com\/eu\/ekintzak\/kultur-ondarea\/oroz-betelu\/\">Orotz-Betelu<\/a><\/li><li id=\"menu-item-5329\" class=\"menu-item menu-item-type-post_type menu-item-object-page menu-item-5329\"><a href=\"https:\/\/turismoselvadeirati.com\/eu\/ekintzak\/kultur-ondarea\/valle-de-erro-erroibar\/\">Erroibar<\/a><\/li><\/ul><style>@media ( max-width:600px ){.us_menu_1 .menu{display:block!important}.us_menu_1 .menu>li{margin:0 0 var(--main-gap,1.6rem)!important}}<\/style><\/nav><nav class=\"w-menu us_custom_1c0a4eaa hide_on_tablets hide_on_mobiles layout_hor style_blocks us_menu_2\" style=\"--main-gap:1.6rem;--main-ver-indent:0.5em;--main-hor-indent:0.6em;--main-bg-color:rgba(0,0,0,0.1);--main-color:inherit;--main-active-color:var(--color-main);\"><ul id=\"menu-menu-espacios-culturales-basque-1\" class=\"menu\"><li class=\"menu-item menu-item-type-post_type menu-item-object-page menu-item-3797\"><a href=\"https:\/\/turismoselvadeirati.com\/eu\/orreaga\/\">Orreaga<\/a><\/li><li class=\"menu-item menu-item-type-post_type menu-item-object-page menu-item-3798\"><a href=\"https:\/\/turismoselvadeirati.com\/eu\/ekintzak\/kultur-ondarea\/orbaizetako-arma-fabrika\/\">Orbaizetako Arma Fabrika<\/a><\/li><li class=\"menu-item menu-item-type-post_type menu-item-object-page menu-item-3799\"><a href=\"https:\/\/turismoselvadeirati.com\/eu\/ekintzak\/kultur-ondarea\/hilarrien-museoa\/\">Hilarrien Museoa Abaurregainan<\/a><\/li><li class=\"menu-item menu-item-type-post_type menu-item-object-page menu-item-3800\"><a href=\"https:\/\/turismoselvadeirati.com\/eu\/ekintzak\/kultur-ondarea\/aztarnategi-erromatarrak\/\">Nafarroako Aztarnategi Erromatarrak<\/a><\/li><li class=\"menu-item menu-item-type-post_type menu-item-object-page menu-item-3801\"><a href=\"https:\/\/turismoselvadeirati.com\/eu\/ekintzak\/kultur-ondarea\/galtzada-erromatarra\/\">Pirinioetako Galtzada Erromatarra<\/a><\/li><li class=\"menu-item menu-item-type-post_type menu-item-object-page menu-item-3802\"><a href=\"https:\/\/turismoselvadeirati.com\/eu\/ekintzak\/kultur-ondarea\/artziko-santa-maria\/\">Artziko Santa Maria<\/a><\/li><li class=\"menu-item menu-item-type-post_type menu-item-object-page menu-item-3803\"><a href=\"https:\/\/turismoselvadeirati.com\/eu\/ekintzak\/kultur-ondarea\/garaien-ibilbidea-nafarroan\/\">Garaien Ibilbidea Nafarroan<\/a><\/li><li class=\"menu-item menu-item-type-post_type menu-item-object-page menu-item-3804\"><a href=\"https:\/\/turismoselvadeirati.com\/eu\/ekintzak\/kultur-ondarea\/megalitoak\/\">Megalitoak Nafarroan<\/a><\/li><li class=\"menu-item menu-item-type-post_type menu-item-object-page menu-item-5328\"><a href=\"https:\/\/turismoselvadeirati.com\/eu\/ekintzak\/kultur-ondarea\/oroz-betelu\/\">Orotz-Betelu<\/a><\/li><li class=\"menu-item menu-item-type-post_type menu-item-object-page menu-item-5329\"><a href=\"https:\/\/turismoselvadeirati.com\/eu\/ekintzak\/kultur-ondarea\/valle-de-erro-erroibar\/\">Erroibar<\/a><\/li><\/ul><style>@media ( max-width:600px ){.us_menu_2 .menu{display:block!important}.us_menu_2 .menu>li{margin:0 0 var(--main-gap,1.6rem)!important}}<\/style><\/nav><\/div><\/div><div class=\"wpb_column vc_column_container\"><div class=\"vc_column-inner\"><\/div><\/div><\/div><\/div><\/section>\n","protected":false},"excerpt":{"rendered":"Bide horrek Caesaraugusta (Zaragoza) eta Burdigala (Bordele) lotzen zituen bide erromatarraren zati bat zeharkatzen du. Bidea Zangotza\/Zangozatik zetorren, Irati ibaiaren ibilbideari jarraituz, gaur egun Ekai Longida\/Ecay L\u00f3nguida dagoen eremuraino. Han, Urrobiren arrora igarotzen zen, eta Artzibar\/Valle de Arce igoz Orreagaraino iristen zen. Iba\u00f1etako lepoa zeharkatu ondoren, Luzaide\/Luzaidetik jaisten zen iparralderantz eta Donazaharre\/Saint-Jean-Le-Vieuxeraino iristen zen. INPERIOAREN...","protected":false},"author":1,"featured_media":0,"parent":3610,"menu_order":44,"comment_status":"closed","ping_status":"closed","template":"","meta":{"_acf_changed":false,"footnotes":""},"class_list":["post-3656","page","type-page","status-publish","hentry"],"acf":[],"_links":{"self":[{"href":"https:\/\/turismoselvadeirati.com\/eu\/wp-json\/wp\/v2\/pages\/3656","targetHints":{"allow":["GET"]}}],"collection":[{"href":"https:\/\/turismoselvadeirati.com\/eu\/wp-json\/wp\/v2\/pages"}],"about":[{"href":"https:\/\/turismoselvadeirati.com\/eu\/wp-json\/wp\/v2\/types\/page"}],"author":[{"embeddable":true,"href":"https:\/\/turismoselvadeirati.com\/eu\/wp-json\/wp\/v2\/users\/1"}],"replies":[{"embeddable":true,"href":"https:\/\/turismoselvadeirati.com\/eu\/wp-json\/wp\/v2\/comments?post=3656"}],"version-history":[{"count":3,"href":"https:\/\/turismoselvadeirati.com\/eu\/wp-json\/wp\/v2\/pages\/3656\/revisions"}],"predecessor-version":[{"id":5068,"href":"https:\/\/turismoselvadeirati.com\/eu\/wp-json\/wp\/v2\/pages\/3656\/revisions\/5068"}],"up":[{"embeddable":true,"href":"https:\/\/turismoselvadeirati.com\/eu\/wp-json\/wp\/v2\/pages\/3610"}],"wp:attachment":[{"href":"https:\/\/turismoselvadeirati.com\/eu\/wp-json\/wp\/v2\/media?parent=3656"}],"curies":[{"name":"wp","href":"https:\/\/api.w.org\/{rel}","templated":true}]}}